{"id":9723,"date":"2025-12-29T14:08:27","date_gmt":"2025-12-29T13:08:27","guid":{"rendered":"https:\/\/gotour.be\/multi\/classedeneige\/?page_id=9723"},"modified":"2026-01-14T11:17:56","modified_gmt":"2026-01-14T10:17:56","slug":"la-station-de-gressoney-saint-jean","status":"publish","type":"page","link":"https:\/\/gotour.be\/multi\/classedeneige\/la-station-de-gressoney-saint-jean\/","title":{"rendered":"La station de Gressoney-Saint-Jean"},"content":{"rendered":"<p>[vc_row][vc_column][vc_column_text]Nich\u00e9 \u00e0 1 380 m\u00e8tres d\u2019altitude au c\u0153ur de la vall\u00e9e du Lys, le village de Gressoney-Saint-Jean est un charmant village alpin situ\u00e9 au pied du massif du Mont-Rose, l\u2019un des plus hauts et majestueux ensembles montagneux d\u2019Europe. R\u00e9put\u00e9 pour son authenticit\u00e9, son architecture traditionnelle et son cadre naturel pr\u00e9serv\u00e9, Gressoney-Saint-Jean offre un environnement id\u00e9al pour les classes de neige. Entre paysages grandioses, culture montagnarde et infrastructures adapt\u00e9es, le village permet aux enfants de d\u00e9couvrir la montagne dans un cadre s\u00e9curis\u00e9, d\u00e9paysant et enrichissant.[\/vc_column_text][vc_empty_space][\/vc_column][\/vc_row][vc_row][vc_column width=\u00a0\u00bb1\/3&Prime;][vc_single_image image=\u00a0\u00bb9729&Prime; img_size=\u00a0\u00bbfull\u00a0\u00bb][\/vc_column][vc_column width=\u00a0\u00bb1\/3&Prime;][vc_single_image image=\u00a0\u00bb9728&Prime; img_size=\u00a0\u00bbfull\u00a0\u00bb][\/vc_column][vc_column width=\u00a0\u00bb1\/3&Prime;][vc_single_image image=\u00a0\u00bb9727&Prime; img_size=\u00a0\u00bbfull\u00a0\u00bb][\/vc_column][\/vc_row][vc_row][vc_column width=\u00a0\u00bb1\/2&Prime;][vc_single_image image=\u00a0\u00bb9726&Prime; img_size=\u00a0\u00bbfull\u00a0\u00bb][\/vc_column][vc_column width=\u00a0\u00bb1\/2&Prime;][vc_single_image image=\u00a0\u00bb9725&Prime; img_size=\u00a0\u00bbfull\u00a0\u00bb][\/vc_column][\/vc_row]<\/p>\n","protected":false},"excerpt":{"rendered":"<p>[vc_row][vc_column][vc_column_text]Nich\u00e9 \u00e0 1 380 m\u00e8tres d\u2019altitude au c\u0153ur de la vall\u00e9e du Lys, le village de Gressoney-Saint-Jean est un charmant village alpin situ\u00e9 au pied du massif du Mont-Rose, l\u2019un des plus hauts et majestueux ensembles montagneux d\u2019Europe. R\u00e9put\u00e9 pour [&hellip;]<\/p>\n","protected":false},"author":1,"featured_media":0,"parent":0,"menu_order":0,"comment_status":"closed","ping_status":"closed","template":"","meta":[],"_links":{"self":[{"href":"https:\/\/gotour.be\/multi\/classedeneige\/wp-json\/wp\/v2\/pages\/9723"}],"collection":[{"href":"https:\/\/gotour.be\/multi\/classedeneige\/wp-json\/wp\/v2\/pages"}],"about":[{"href":"https:\/\/gotour.be\/multi\/classedeneige\/wp-json\/wp\/v2\/types\/page"}],"author":[{"embeddable":true,"href":"https:\/\/gotour.be\/multi\/classedeneige\/wp-json\/wp\/v2\/users\/1"}],"replies":[{"embeddable":true,"href":"https:\/\/gotour.be\/multi\/classedeneige\/wp-json\/wp\/v2\/comments?post=9723"}],"version-history":[{"count":3,"href":"https:\/\/gotour.be\/multi\/classedeneige\/wp-json\/wp\/v2\/pages\/9723\/revisions"}],"predecessor-version":[{"id":9834,"href":"https:\/\/gotour.be\/multi\/classedeneige\/wp-json\/wp\/v2\/pages\/9723\/revisions\/9834"}],"wp:attachment":[{"href":"https:\/\/gotour.be\/multi\/classedeneige\/wp-json\/wp\/v2\/media?parent=9723"}],"curies":[{"name":"wp","href":"https:\/\/api.w.org\/{rel}","templated":true}]}}