{"id":5313,"date":"2021-09-21T21:32:14","date_gmt":"2021-09-21T19:32:14","guid":{"rendered":"http:\/\/gotour.be\/multi\/classedeneige\/?page_id=5313"},"modified":"2025-09-02T15:55:08","modified_gmt":"2025-09-02T13:55:08","slug":"prix","status":"publish","type":"page","link":"https:\/\/gotour.be\/multi\/classedeneige\/prix\/","title":{"rendered":"Prix"},"content":{"rendered":"<p>[vc_row][vc_column][vc_column_text]<\/p>\r\n<p>Les prix sont fonction de l&rsquo;h\u00e9bergement choisi, du programme et du nombre de participants.<\/p>\r\n\r\n<p>Les prix fix\u00e9s comprennent l\u2019ensemble des prestations du programme: voyage aller-retour, pension compl\u00e8te, location du mat\u00e9riel, forfait-ski, cours de ski par moniteurs brevet\u00e9s, animations, visites, encadrement, &#8230;<\/p>\r\n\r\n<p>Une formule compl\u00e8te \u00e0 partir de 685 \u20ac.<\/p>\r\n\r\n<p>Gratuit\u00e9 compl\u00e8te pour les accompagnants, proportionnellement au nombre d&rsquo;enfants.<\/p>\r\n<p>Le budget est clairement d\u00e9fini avant le d\u00e9part.<\/p>\r\n<p> <img decoding=\"async\" loading=\"lazy\" class=\"alignnone wp-image-9627 size-large\" src=\"http:\/\/gotour.be\/multi\/classedeneige\/wp-content\/uploads\/sites\/4\/2025\/09\/tarifs-cdn-1024x768.png\" alt=\"\" width=\"1024\" height=\"768\" srcset=\"https:\/\/gotour.be\/multi\/classedeneige\/wp-content\/uploads\/sites\/4\/2025\/09\/tarifs-cdn-1024x768.png 1024w, https:\/\/gotour.be\/multi\/classedeneige\/wp-content\/uploads\/sites\/4\/2025\/09\/tarifs-cdn-300x225.png 300w, https:\/\/gotour.be\/multi\/classedeneige\/wp-content\/uploads\/sites\/4\/2025\/09\/tarifs-cdn-768x576.png 768w, https:\/\/gotour.be\/multi\/classedeneige\/wp-content\/uploads\/sites\/4\/2025\/09\/tarifs-cdn-420x315.png 420w, https:\/\/gotour.be\/multi\/classedeneige\/wp-content\/uploads\/sites\/4\/2025\/09\/tarifs-cdn-540x405.png 540w, https:\/\/gotour.be\/multi\/classedeneige\/wp-content\/uploads\/sites\/4\/2025\/09\/tarifs-cdn-780x585.png 780w, https:\/\/gotour.be\/multi\/classedeneige\/wp-content\/uploads\/sites\/4\/2025\/09\/tarifs-cdn.png 1149w\" sizes=\"(max-width: 1024px) 100vw, 1024px\" \/><\/p>\r\n<p>[\/vc_column_text][\/vc_column][\/vc_row]<\/p>","protected":false},"excerpt":{"rendered":"<p>[vc_row][vc_column][vc_column_text] Les prix sont fonction de l&rsquo;h\u00e9bergement choisi, du programme et du nombre de participants. Les prix fix\u00e9s comprennent l\u2019ensemble des prestations du programme: voyage aller-retour, pension compl\u00e8te, location du mat\u00e9riel, forfait-ski, cours de ski par moniteurs brevet\u00e9s, animations, visites, [&hellip;]<\/p>\n","protected":false},"author":1,"featured_media":0,"parent":0,"menu_order":0,"comment_status":"closed","ping_status":"closed","template":"","meta":[],"_links":{"self":[{"href":"https:\/\/gotour.be\/multi\/classedeneige\/wp-json\/wp\/v2\/pages\/5313"}],"collection":[{"href":"https:\/\/gotour.be\/multi\/classedeneige\/wp-json\/wp\/v2\/pages"}],"about":[{"href":"https:\/\/gotour.be\/multi\/classedeneige\/wp-json\/wp\/v2\/types\/page"}],"author":[{"embeddable":true,"href":"https:\/\/gotour.be\/multi\/classedeneige\/wp-json\/wp\/v2\/users\/1"}],"replies":[{"embeddable":true,"href":"https:\/\/gotour.be\/multi\/classedeneige\/wp-json\/wp\/v2\/comments?post=5313"}],"version-history":[{"count":11,"href":"https:\/\/gotour.be\/multi\/classedeneige\/wp-json\/wp\/v2\/pages\/5313\/revisions"}],"predecessor-version":[{"id":9630,"href":"https:\/\/gotour.be\/multi\/classedeneige\/wp-json\/wp\/v2\/pages\/5313\/revisions\/9630"}],"wp:attachment":[{"href":"https:\/\/gotour.be\/multi\/classedeneige\/wp-json\/wp\/v2\/media?parent=5313"}],"curies":[{"name":"wp","href":"https:\/\/api.w.org\/{rel}","templated":true}]}}