{"id":5303,"date":"2021-09-21T21:28:00","date_gmt":"2021-09-21T19:28:00","guid":{"rendered":"http:\/\/gotour.be\/multi\/classedeneige\/?page_id=5303"},"modified":"2026-03-19T08:44:15","modified_gmt":"2026-03-19T07:44:15","slug":"hebergements-torgnon","status":"publish","type":"page","link":"https:\/\/gotour.be\/multi\/classedeneige\/hebergements-torgnon\/","title":{"rendered":"H\u00e9bergements Torgnon"},"content":{"rendered":"<p>[vc_row][vc_column][vc_column_text]<\/p>\r\n<h2>Casa Alpina Maria Nivis<\/h2>\r\n<p>Situ\u00e9 \u00e0 1 700 m\u00e8tres d\u2019altitude, le Maria Nivis est implant\u00e9 au c\u0153ur d\u2019un domaine priv\u00e9 de plus de 2 hectares, enti\u00e8rement d\u00e9pourvu de circulation routi\u00e8re, offrant ainsi un cadre s\u00e9curis\u00e9 et paisible. En bordure directe des pistes de ski, l\u2019h\u00f4tel b\u00e9n\u00e9ficie d\u2019un emplacement id\u00e9al pour les s\u00e9jours en classes de neige.<\/p>\r\n<p>D\u2019une capacit\u00e9 totale de 115 lits, l\u2019\u00e9tablissement dispose de nombreuses salles polyvalentes et est r\u00e9serv\u00e9 en exclusivit\u00e9 \u00e0 votre groupe, garantissant confort, s\u00e9curit\u00e9 et tranquillit\u00e9.<\/p>\r\n<p>Les repas chauds sont servis le midi et le soir, avec une collation incluse. Afin d\u2019assurer un service optimal, le menu de la semaine peut \u00eatre d\u00e9fini pr\u00e9alablement d\u2019un commun accord.<\/p>\r\n<p>Les enfants sont principalement h\u00e9berg\u00e9s dans des chambres de 4 \u00e0 6 lits, avec \u00e9galement quelques chambres de 2 \u00e0 3 lits disponibles.<br \/>Les enseignants et les animateurs sont log\u00e9s dans des chambres individuelles ou doubles, assurant des conditions de repos adapt\u00e9es.<\/p>\r\n<p>[\/vc_column_text][\/vc_column][\/vc_row][vc_row][vc_column width=\u00a0\u00bb1\/4&Prime;][vc_single_image image=\u00a0\u00bb9687&Prime; img_size=\u00a0\u00bbfull\u00a0\u00bb][\/vc_column][vc_column width=\u00a0\u00bb1\/4&Prime;][vc_single_image image=\u00a0\u00bb9686&Prime; img_size=\u00a0\u00bbfull\u00a0\u00bb][\/vc_column][vc_column width=\u00a0\u00bb1\/4&Prime;][vc_single_image image=\u00a0\u00bb9685&Prime; img_size=\u00a0\u00bbfull\u00a0\u00bb][\/vc_column][vc_column width=\u00a0\u00bb1\/4&Prime;][vc_single_image image=\u00a0\u00bb9684&Prime; img_size=\u00a0\u00bbfull\u00a0\u00bb][\/vc_column][\/vc_row][vc_row][vc_column][vc_empty_space][\/vc_column][\/vc_row][vc_row][vc_column][vc_column_text]<\/p>\r\n<h2 class=\"wp-block-heading\">H\u00f4tel du Soleil \u2013 Torgnon<\/h2>\r\n<p>Id\u00e9alement situ\u00e9 au c\u0153ur du village pittoresque de Torgnon, dans la splendide vall\u00e9e d\u2019Aoste, l\u2019H\u00f4tel du Soleil offre un cadre chaleureux et s\u00e9curis\u00e9, sp\u00e9cialement pens\u00e9 pour le confort des enfants et des groupes scolaires pour une capacit\u00e9 de prise en charge jusqu\u2019\u00e0 100 personnes.<\/p>\r\n<p>\u00c0 seulement quelques pas des remont\u00e9es m\u00e9caniques, vos \u00e9l\u00e8ves pourront sortir de l\u2019h\u00f4tel skis \u00e0 l\u2019\u00e9paule et rejoindre facilement les pistes.<\/p>\r\n<p>L\u2019\u00e9tablissement spacieux propose des chambres confortables, toutes \u00e9quip\u00e9es de sanitaires priv\u00e9s, de la t\u00e9l\u00e9vision et d\u2019un balcon. De vastes espaces communs sont \u00e9galement disponibles pour les temps calmes, les animations et les activit\u00e9s p\u00e9dagogiques en groupe.<\/p>\r\n<p>Pendant la pause d\u00e9jeuner sur les pistes, vos \u00e9l\u00e8ves participeront au <strong>\u00ab Chalet Tour \u00bb<\/strong>, une exp\u00e9rience gourmande permettant de d\u00e9couvrir et d\u00e9guster les sp\u00e9cialit\u00e9s italiennes dans les quatre chalets-restaurants situ\u00e9s au c\u0153ur de la station, vous offrant ainsi la possibilit\u00e9 de profiter pleinement des pistes et des terrasses tout au long de la journ\u00e9e.<\/p>\r\n<p>[\/vc_column_text][\/vc_column][\/vc_row][vc_row][vc_column width=\u00a0\u00bb1\/4&Prime;][vc_single_image image=\u00a0\u00bb9984&Prime; img_size=\u00a0\u00bbmedium\u00a0\u00bb][\/vc_column][vc_column width=\u00a0\u00bb1\/4&Prime;][vc_single_image image=\u00a0\u00bb9983&Prime; img_size=\u00a0\u00bbmedium\u00a0\u00bb][\/vc_column][vc_column width=\u00a0\u00bb1\/4&Prime;][vc_single_image image=\u00a0\u00bb9985&Prime; img_size=\u00a0\u00bbmedium\u00a0\u00bb][\/vc_column][vc_column width=\u00a0\u00bb1\/4&Prime;][vc_single_image image=\u00a0\u00bb9986&Prime; img_size=\u00a0\u00bbmedium\u00a0\u00bb][\/vc_column][\/vc_row][vc_row][vc_column][vc_empty_space][\/vc_column][\/vc_row][vc_row][vc_column][vc_column_text]<\/p>\r\n<h2>H\u00f4tel La Rocca Sport &amp; Benessere \u00e0 Ch\u00e2tillon<\/h2>\r\n<p>L&rsquo;H\u00f4tel La Rocca Sport &amp; Benessere est un \u00e9tablissement 3 \u00e9toiles situ\u00e9 \u00e0 Ch\u00e2tillon, dans la r\u00e9gion de la Vall\u00e9e d&rsquo;Aoste, en Italie, \u00e0 16 km de la station de Torgnon. (25 minutes en car) .<\/p>\r\n<p>Comme pour notre H\u00f4tel du Soleil, Cette formule inclus la participation au <strong>\u00ab\u00a0Chalet Tour\u00a0\u00bb<\/strong> pour vos temps de midi et profiter des pistes durant toute la journ\u00e9e.<\/p>\r\n<p>L&rsquo;h\u00f4tel peut accueillir jusqu&rsquo;\u00e0 66 personnes, r\u00e9parties comme suit :<\/p>\r\n<ul>\r\n<li>26 chambres doubles<\/li>\r\n<li>2 chambres triples<\/li>\r\n<li>2 chambres quadruples<\/li>\r\n<\/ul>\r\n<p>Les chambres sont confortables et \u00e9quip\u00e9es de commodit\u00e9s modernes telles que le Wi-Fi gratuit, une t\u00e9l\u00e9vision, un s\u00e8che-cheveux et bien d&rsquo;autres \u00e9quipements.<\/p>\r\n<p>Les installations de l&rsquo;h\u00f4tel incluent un centre de bien-\u00eatre avec piscine int\u00e9rieure, sauna, bain turc et jacuzzi, offrant un espace d\u00e9di\u00e9 \u00e0 la d\u00e9tente et au bien-\u00eatre (sous conditions). De plus, l&rsquo;h\u00f4tel dispose d&rsquo;une salle de sport.<\/p>\r\n<p>L\u2019\u00e9tablissement met \u00e9galement \u00e0 disposition un parking priv\u00e9 ainsi qu&rsquo;un emplacement d\u00e9di\u00e9 aux autocars.<\/p>\r\n<p>[\/vc_column_text][\/vc_column][\/vc_row][vc_row][vc_column width=\u00a0\u00bb1\/4&Prime;][vc_single_image image=\u00a0\u00bb9988&Prime; img_size=\u00a0\u00bbmedium\u00a0\u00bb][\/vc_column][vc_column width=\u00a0\u00bb1\/4&Prime;][vc_single_image image=\u00a0\u00bb9989&Prime; img_size=\u00a0\u00bbmedium\u00a0\u00bb][\/vc_column][vc_column width=\u00a0\u00bb1\/4&Prime;][vc_single_image image=\u00a0\u00bb9990&Prime; img_size=\u00a0\u00bbmedium\u00a0\u00bb][\/vc_column][vc_column width=\u00a0\u00bb1\/4&Prime;][vc_single_image image=\u00a0\u00bb9991&Prime; img_size=\u00a0\u00bbmedium\u00a0\u00bb][\/vc_column][\/vc_row][vc_row][vc_column][vc_empty_space][\/vc_column][\/vc_row][vc_row][vc_column][vc_column_text]<\/p>\r\n<h2>H\u00f4tel Panoramique<\/h2>\r\n<p>L&rsquo;h\u00f4tel Panoramique accueille \u00e9galement quelques-uns de nos groupes. Le budget est un peu plus \u00e9lev\u00e9 car l&rsquo;h\u00f4tel est de cat\u00e9gorie sup\u00e9rieure et est situ\u00e9 au centre du village.<br \/>L&rsquo;accueil par la famille Vesan est tr\u00e8s familial.<\/p>\r\n<p>[\/vc_column_text][\/vc_column][\/vc_row][vc_row][vc_column width=\u00a0\u00bb1\/4&Prime;][vc_single_image image=\u00a0\u00bb9978&Prime; img_size=\u00a0\u00bbmedium\u00a0\u00bb][\/vc_column][vc_column width=\u00a0\u00bb1\/4&Prime;][vc_single_image image=\u00a0\u00bb9979&Prime; img_size=\u00a0\u00bbmedium\u00a0\u00bb][\/vc_column][vc_column width=\u00a0\u00bb1\/4&Prime;][vc_single_image image=\u00a0\u00bb9980&Prime; img_size=\u00a0\u00bbmedium\u00a0\u00bb][\/vc_column][vc_column width=\u00a0\u00bb1\/4&Prime;][vc_single_image image=\u00a0\u00bb9981&Prime; img_size=\u00a0\u00bbmedium\u00a0\u00bb][\/vc_column][\/vc_row]<\/p>","protected":false},"excerpt":{"rendered":"<p>[vc_row][vc_column][vc_column_text] Casa Alpina Maria Nivis Situ\u00e9 \u00e0 1 700 m\u00e8tres d\u2019altitude, le Maria Nivis est implant\u00e9 au c\u0153ur d\u2019un domaine priv\u00e9 de plus de 2 hectares, enti\u00e8rement d\u00e9pourvu de circulation routi\u00e8re, offrant ainsi un cadre s\u00e9curis\u00e9 et paisible. En bordure [&hellip;]<\/p>\n","protected":false},"author":1,"featured_media":0,"parent":0,"menu_order":0,"comment_status":"closed","ping_status":"closed","template":"","meta":[],"_links":{"self":[{"href":"https:\/\/gotour.be\/multi\/classedeneige\/wp-json\/wp\/v2\/pages\/5303"}],"collection":[{"href":"https:\/\/gotour.be\/multi\/classedeneige\/wp-json\/wp\/v2\/pages"}],"about":[{"href":"https:\/\/gotour.be\/multi\/classedeneige\/wp-json\/wp\/v2\/types\/page"}],"author":[{"embeddable":true,"href":"https:\/\/gotour.be\/multi\/classedeneige\/wp-json\/wp\/v2\/users\/1"}],"replies":[{"embeddable":true,"href":"https:\/\/gotour.be\/multi\/classedeneige\/wp-json\/wp\/v2\/comments?post=5303"}],"version-history":[{"count":28,"href":"https:\/\/gotour.be\/multi\/classedeneige\/wp-json\/wp\/v2\/pages\/5303\/revisions"}],"predecessor-version":[{"id":9993,"href":"https:\/\/gotour.be\/multi\/classedeneige\/wp-json\/wp\/v2\/pages\/5303\/revisions\/9993"}],"wp:attachment":[{"href":"https:\/\/gotour.be\/multi\/classedeneige\/wp-json\/wp\/v2\/media?parent=5303"}],"curies":[{"name":"wp","href":"https:\/\/api.w.org\/{rel}","templated":true}]}}